{"id":10250,"date":"2024-04-12T19:50:42","date_gmt":"2024-04-12T17:50:42","guid":{"rendered":"https:\/\/escuelasanitaria.educacion.navarra.es\/web1\/?page_id=10250"},"modified":"2026-03-30T13:55:25","modified_gmt":"2026-03-30T11:55:25","slug":"radioterapia-y-dosimetria","status":"publish","type":"page","link":"https:\/\/escuelasanitaria.educacion.navarra.es\/web1\/radioterapia-y-dosimetria\/","title":{"rendered":"Radioterapia y dosimetr\u00eda"},"content":{"rendered":"\t\t<div data-elementor-type=\"wp-page\" data-elementor-id=\"10250\" class=\"elementor elementor-10250\" data-elementor-post-type=\"page\">\n\t\t\t\t\t\t\t\t\t<section class=\"elementor-section elementor-top-section elementor-element elementor-element-a0bc69a elementor-section-boxed elementor-section-height-default elementor-section-height-default\" data-id=\"a0bc69a\" data-element_type=\"section\">\n\t\t\t\t\t\t<div class=\"elementor-container elementor-column-gap-default\">\n\t\t\t\t\t<div class=\"elementor-column elementor-col-100 elementor-top-column elementor-element elementor-element-4e0c11f\" data-id=\"4e0c11f\" data-element_type=\"column\">\n\t\t\t<div class=\"elementor-widget-wrap elementor-element-populated\">\n\t\t\t\t\t\t\t\t<div class=\"elementor-element elementor-element-c198232 elementor-widget elementor-widget-text-editor\" data-id=\"c198232\" data-element_type=\"widget\" data-widget_type=\"text-editor.default\">\n\t\t\t\t<div class=\"elementor-widget-container\">\n\t\t\t\t\t\t\t<p><!-- wp:html --><\/p>\n<p><img fetchpriority=\"high\" decoding=\"async\" class=\"alignnone wp-image-11475\" src=\"https:\/\/escuelasanitaria.educacion.navarra.es\/web1\/wp-content\/uploads\/2025\/03\/Imagen-para-el-Diagnostico-y-Medicina-Nuclear-1-300x122.png\" alt=\"\" width=\"736\" height=\"299\" srcset=\"https:\/\/escuelasanitaria.educacion.navarra.es\/web1\/wp-content\/uploads\/2025\/03\/Imagen-para-el-Diagnostico-y-Medicina-Nuclear-1-300x122.png 300w, https:\/\/escuelasanitaria.educacion.navarra.es\/web1\/wp-content\/uploads\/2025\/03\/Imagen-para-el-Diagnostico-y-Medicina-Nuclear-1.png 750w\" sizes=\"(max-width: 736px) 100vw, 736px\" \/><\/p>\n<h3><strong><span style=\"color: #ce112b;\">T\u00e9cnico de Grado Superior en Radioterapia y Dosimetr\u00eda<\/span><\/strong><\/h3>\n<p>Denominaci\u00f3n:<strong> \u201cRadioterapia y dosimetr\u00eda\u201d<\/strong><br>Nivel:<strong> 3 &#8211; Formaci\u00f3n Profesional de Grado Superior<\/strong> <br>Duraci\u00f3n:<strong> 2000 horas<\/strong><br>Familia profesional: <strong>Sanidad<\/strong><br>Referente europeo: <strong>CINE &#8211; 5b (Clasificaci\u00f3n Internacional Normalizada de la Educaci\u00f3n)<\/strong><br>Modalidad:<strong> Presencial<\/strong><br>Horario Tarde 2\u00ba curso:<strong> 15:00 a 20:40 h<\/strong><\/p>\n<p>En el curso 2026-2027 <b>no se oferta 1\u00ba curso de&nbsp; Radioterapia y Dosimetr\u00eda<\/b><\/p>\n<p><b><\/b><a href=\"https:\/\/www.todofp.es\/dam\/jcr:3a2fc885-5497-434b-b330-1710df59d675\/nav-radioterapia-dosimetria.pdf\" target=\"_blank\" rel=\"noopener\">Descarga Curr\u00edculo Completo<\/a><br><a href=\"https:\/\/www.educacion.navarra.es\/documents\/27590\/558252\/DF+110_2024+modificacion+GS.pdf\/a649cf9e-7adf-3c5d-c5ac-eaa602a553a5\" target=\"_blank\" rel=\"noopener\">Adaptaci\u00f3n Ley 3\/2022 (FP DUAL)<\/a><br><a href=\"https:\/\/www.todofp.es\/que-estudiar\/familias-profesionales\/sanidad\/radioterapia-dosimetria.html\" target=\"_blank\" rel=\"noopener\">Informaci\u00f3n completa<\/a><br>Conocer m\u00e1s<\/p>\n<h3><strong><span style=\"color: #ce112b;\">Competencia general<\/span><\/strong><\/h3>\n<p>Aplicaci\u00f3n de tratamientos con radiaciones ionizantes bajo prescripci\u00f3n m\u00e9dica, utilizar equipos<br>provistos de fuentes encapsuladas o productores de radiaciones, aplicando las normas de<br>radioprotecci\u00f3n generales y espec\u00edficas, y asistiendo al paciente durante su estancia en la unidad, as\u00ed<br>como realizar procedimientos de protecci\u00f3n radiol\u00f3gica hospitalaria, siguiendo normas de garant\u00eda<br>de calidad y los protocolos establecidos en la unidad asistencial.<\/p>\n<div class=\"tablaRes\">\n<div class=\"fila\">\n<div class=\"colcabecera\">M\u00f3dulos del Ciclo<\/div>\n<div class=\"colcabecera\">Horas semanales<\/div>\n<div class=\"colcabecera\">Horas totales<\/div>\n<\/div>\n<div class=\"fila\">\n<div class=\"col\"><strong>PRIMER CURSO<\/strong><\/div>\n<div class=\"col\">&nbsp;<\/div>\n<div class=\"col\">&nbsp;<\/div>\n<\/div>\n<div class=\"fila\">\n<div class=\"col\"><strong>1345. <\/strong>Atenci\u00f3n al paciente<\/div>\n<div class=\"col\">3<\/div>\n<div class=\"col\">100<\/div>\n<\/div>\n<div class=\"fila\">\n<div class=\"col\"><strong>1346. <\/strong>Fundamentos f\u00edsicos y equipos<\/div>\n<div class=\"col\">4<\/div>\n<div class=\"col\">130<\/div>\n<\/div>\n<div class=\"fila\">\n<div class=\"col\"><strong>1347. <\/strong>Anatom\u00eda por la imagen<\/div>\n<div class=\"col\">6<\/div>\n<div class=\"col\">195<\/div>\n<\/div>\n<div class=\"fila\">\n<div class=\"col\"><strong>1348. <\/strong>Protecci\u00f3n radiol\u00f3gica<\/div>\n<div class=\"col\">4<\/div>\n<div class=\"col\">130<\/div>\n<\/div>\n<div class=\"fila\">\n<div class=\"col\"><strong>1359. <\/strong>Simulaci\u00f3n del tratamiento<\/div>\n<div class=\"col\">6<\/div>\n<div class=\"col\">195<\/div>\n<\/div>\n<div class=\"fila\">\n<div class=\"col\"><strong>0179. <\/strong>Ingl\u00e9s profesional (GS)<\/div>\n<div class=\"col\">2<\/div>\n<div class=\"col\">70<\/div>\n<\/div>\n<div class=\"fila\">\n<div class=\"col\"><strong>1665. <\/strong>Digitalizaci\u00f3n aplicada a los sectores productivos (GS)<\/div>\n<div class=\"col\">1<\/div>\n<div class=\"col\">40<\/div>\n<\/div>\n<div class=\"fila\">\n<div class=\"col\"><strong>1708. <\/strong>Sostenibilidad aplicada al sistema productivo<\/div>\n<div class=\"col\">1<\/div>\n<div class=\"col\">40<\/div>\n<\/div>\n<div class=\"fila\">\n<div class=\"col\"><strong>1709. <\/strong>Itinerario personal para la empleabilidad I<\/div>\n<div class=\"col\">3<\/div>\n<div class=\"col\">100<\/div>\n<\/div>\n<div class=\"fila\">\n<div class=\"col\"><strong>SEGUNDO CURSO<\/strong><\/div>\n<div class=\"col\">&nbsp;<\/div>\n<div class=\"col\">&nbsp;<\/div>\n<\/div>\n<div class=\"fila\">\n<div class=\"col\"><strong>1360. <\/strong>Dosimetr\u00eda y cl\u00ednica<\/div>\n<div class=\"col\">8<\/div>\n<div class=\"col\">265<\/div>\n<\/div>\n<div class=\"fila\">\n<div class=\"col\"><strong>1361. <\/strong>Tratamientos con teleterapia<\/div>\n<div class=\"col\">9<\/div>\n<div class=\"col\">300<\/div>\n<\/div>\n<div class=\"fila\">\n<div class=\"col\"><strong>1362. <\/strong>Tratamientos con braquiterapia<\/div>\n<div class=\"col\">6<\/div>\n<div class=\"col\">195<\/div>\n<\/div>\n<div class=\"fila\">\n<div class=\"col\"><strong>1363.<\/strong> Proyecto intermodular de radioterapia y dosimetr\u00eda<\/div>\n<div class=\"col\">2<\/div>\n<div class=\"col\">70<\/div>\n<\/div>\n<div class=\"fila\">\n<div class=\"col\"><strong>1710. <\/strong>Itinerario personal para la empleabilidad II<\/div>\n<div class=\"col\">2<\/div>\n<div class=\"col\">70<\/div>\n<\/div>\n<div class=\"fila\">\n<div class=\"col\"><strong>_____.<\/strong> M\u00f3dulo profesional optativo<\/div>\n<div class=\"col\">3<\/div>\n<div class=\"col\">100\u00ba<\/div>\n<\/div>\n<\/div>\n<p><!-- \/wp:html --><\/p>\t\t\t\t\t\t<\/div>\n\t\t\t\t<\/div>\n\t\t\t\t\t<\/div>\n\t\t<\/div>\n\t\t\t\t\t\t\t<\/div>\n\t\t<\/section>\n\t\t\t\t\t\t\t<\/div>\n\t\t","protected":false},"excerpt":{"rendered":"<p>T\u00e9cnico de Grado Superior en Radioterapia y Dosimetr\u00eda Denominaci\u00f3n: \u201cRadioterapia y dosimetr\u00eda\u201dNivel: 3 &#8211; Formaci\u00f3n Profesional de Grado Superior Duraci\u00f3n: 2000 horasFamilia profesional: SanidadReferente europeo: CINE &#8211; 5b (Clasificaci\u00f3n Internacional Normalizada de la Educaci\u00f3n)Modalidad: PresencialHorario Tarde 2\u00ba curso: 15:00 a 20:40 h En el curso 2026-2027 no se oferta 1\u00ba curso de&nbsp; Radioterapia y Dosimetr\u00eda [&hellip;]<\/p>\n","protected":false},"author":3,"featured_media":0,"parent":0,"menu_order":0,"comment_status":"closed","ping_status":"closed","template":"","meta":{"_genesis_hide_title":false,"_genesis_hide_breadcrumbs":false,"_genesis_hide_singular_image":false,"_genesis_hide_footer_widgets":false,"_genesis_custom_body_class":"","_genesis_custom_post_class":"","_genesis_layout":"","footnotes":""},"_links":{"self":[{"href":"https:\/\/escuelasanitaria.educacion.navarra.es\/web1\/wp-json\/wp\/v2\/pages\/10250"}],"collection":[{"href":"https:\/\/escuelasanitaria.educacion.navarra.es\/web1\/wp-json\/wp\/v2\/pages"}],"about":[{"href":"https:\/\/escuelasanitaria.educacion.navarra.es\/web1\/wp-json\/wp\/v2\/types\/page"}],"author":[{"embeddable":true,"href":"https:\/\/escuelasanitaria.educacion.navarra.es\/web1\/wp-json\/wp\/v2\/users\/3"}],"replies":[{"embeddable":true,"href":"https:\/\/escuelasanitaria.educacion.navarra.es\/web1\/wp-json\/wp\/v2\/comments?post=10250"}],"version-history":[{"count":67,"href":"https:\/\/escuelasanitaria.educacion.navarra.es\/web1\/wp-json\/wp\/v2\/pages\/10250\/revisions"}],"predecessor-version":[{"id":12744,"href":"https:\/\/escuelasanitaria.educacion.navarra.es\/web1\/wp-json\/wp\/v2\/pages\/10250\/revisions\/12744"}],"wp:attachment":[{"href":"https:\/\/escuelasanitaria.educacion.navarra.es\/web1\/wp-json\/wp\/v2\/media?parent=10250"}],"curies":[{"name":"wp","href":"https:\/\/api.w.org\/{rel}","templated":true}]}}