{"id":4656,"date":"2018-06-18T09:08:59","date_gmt":"2018-06-18T07:08:59","guid":{"rendered":"https:\/\/escuelasanitaria.educacion.navarra.es\/crn\/?page_id=4656"},"modified":"2018-08-26T18:29:25","modified_gmt":"2018-08-26T16:29:25","slug":"curso-2-2018-ptf","status":"publish","type":"page","link":"https:\/\/escuelasanitaria.educacion.navarra.es\/crn\/formacion\/curso-2-2018-ptf\/","title":{"rendered":"Curso 2\/2018 de Perfeccionamiento T\u00e9cnico para Formadores"},"content":{"rendered":"<div class=\"su-row\"><div class=\"su-column su-column-size-1-4\"><div class=\"su-column-inner su-u-clearfix su-u-trim\"><img loading=\"lazy\" class=\"alignnone size-full wp-image-4669\" src=\"https:\/\/escuelasanitaria.educacion.navarra.es\/crn\/wp-content\/uploads\/2018\/06\/Cursos-CRN.png\" alt=\"\" width=\"242\" height=\"242\" srcset=\"https:\/\/escuelasanitaria.educacion.navarra.es\/crn\/wp-content\/uploads\/2018\/06\/Cursos-CRN.png 242w, https:\/\/escuelasanitaria.educacion.navarra.es\/crn\/wp-content\/uploads\/2018\/06\/Cursos-CRN-150x150.png 150w\" sizes=\"(max-width: 242px) 100vw, 242px\" \/><\/div><\/div> <div class=\"su-column su-column-size-3-4\"><div class=\"su-column-inner su-u-clearfix su-u-trim\">\n<h3><span style=\"color: #4fa700;\">Actualizaci\u00f3n en t\u00e9cnicas de enfermer\u00eda y ayuda odontol\u00f3gica<\/span><\/h3>\n<p><b>C\u00f3digo:<\/b>SANT01PTF<\/p>\n<p><b>Descripci\u00f3n:<\/b> Curso destinado a la actualizaci\u00f3n y el perfeccionamiento t\u00e9cnico de formadores en el \u00e1mbito de la Formaci\u00f3n Profesional, en el \u00e1rea asistencial sanitaria. Con este curso se pretende actualizar conocimientos sobre la nueva concepci\u00f3n de enfermer\u00eda y formar a los docentes en los nuevos modelos asistenciales.<\/p>\n<p><b>Requisitos:<\/b> Titulaci\u00f3n: Diplomado, Licenciado o Grado.<\/p>\n<p><b>Formaci\u00f3n dirigida preferentemente para personas ocupadas: <\/b>docentes, expertos de formaci\u00f3n profesional para el empleo y profesores de formaci\u00f3n profesional.<b><br \/>\n<\/b><\/p>\n<p><b>Familia profesional:<\/b> Sanidad<\/p>\n<p><b>Duraci\u00f3n:<\/b> 40 horas presenciales (te\u00f3rico-pr\u00e1cticas)<\/p>\n<p><b>Fecha inicio:<\/b> 27\/08\/2018<\/p>\n<p><b>Fecha fin:<\/b> 31\/08\/2018<\/p>\n<p><b>Horario:<\/b> 9:00 a 13:00 y 16:00 a 20:00<\/p>\n<p><a class=\"button\" href=\"https:\/\/escuelasanitaria.educacion.navarra.es\/crn\/wp-content\/uploads\/2018\/07\/Programa-curso-PTF.pdf\" target=\"_blank\" rel=\"noopener\">Programa<\/a><br \/>\n<b>Organiza:<\/b> Centro de Referencia Nacional de Servicios, productos y atenci\u00f3n sanitaria. Escuela Sanitaria T\u00e9cnico Profesional de Navarra-ESTNA<\/p>\n<p><b>Lugar de impartici\u00f3n:<\/b> Escuela Sanitaria T\u00e9cnico Profesional de Navarra-ESTNA<\/p>\n<p><b>Direcci\u00f3n: <\/b>C\/ Irunlarrea 3. 31008. Pamplona (Navarra)<\/p>\n<p><a class=\"button\" href=\"https:\/\/escuelasanitaria.educacion.navarra.es\/crn\/wp-content\/uploads\/2018\/07\/sant01ptf.pdf\" target=\"_blank\" rel=\"noopener\">M\u00e1s informaci\u00f3n<\/a> Inscripci\u00f3n<\/p>\n<\/div><\/div> <\/div>\n","protected":false},"excerpt":{"rendered":"<p>Pamplona (Navarra). 27 al 31 de agosto de 2018<\/p>\n","protected":false},"author":1,"featured_media":0,"parent":2264,"menu_order":0,"comment_status":"closed","ping_status":"closed","template":"","meta":{"_genesis_hide_title":false,"_genesis_hide_breadcrumbs":false,"_genesis_hide_singular_image":false,"_genesis_hide_footer_widgets":false,"_genesis_custom_body_class":"","_genesis_custom_post_class":"","_genesis_layout":""},"_links":{"self":[{"href":"https:\/\/escuelasanitaria.educacion.navarra.es\/crn\/wp-json\/wp\/v2\/pages\/4656"}],"collection":[{"href":"https:\/\/escuelasanitaria.educacion.navarra.es\/crn\/wp-json\/wp\/v2\/pages"}],"about":[{"href":"https:\/\/escuelasanitaria.educacion.navarra.es\/crn\/wp-json\/wp\/v2\/types\/page"}],"author":[{"embeddable":true,"href":"https:\/\/escuelasanitaria.educacion.navarra.es\/crn\/wp-json\/wp\/v2\/users\/1"}],"replies":[{"embeddable":true,"href":"https:\/\/escuelasanitaria.educacion.navarra.es\/crn\/wp-json\/wp\/v2\/comments?post=4656"}],"version-history":[{"count":9,"href":"https:\/\/escuelasanitaria.educacion.navarra.es\/crn\/wp-json\/wp\/v2\/pages\/4656\/revisions"}],"predecessor-version":[{"id":4733,"href":"https:\/\/escuelasanitaria.educacion.navarra.es\/crn\/wp-json\/wp\/v2\/pages\/4656\/revisions\/4733"}],"up":[{"embeddable":true,"href":"https:\/\/escuelasanitaria.educacion.navarra.es\/crn\/wp-json\/wp\/v2\/pages\/2264"}],"wp:attachment":[{"href":"https:\/\/escuelasanitaria.educacion.navarra.es\/crn\/wp-json\/wp\/v2\/media?parent=4656"}],"curies":[{"name":"wp","href":"https:\/\/api.w.org\/{rel}","templated":true}]}}