{"id":3213,"date":"2018-03-21T11:48:21","date_gmt":"2018-03-21T10:48:21","guid":{"rendered":"https:\/\/escuelasanitaria.educacion.navarra.es\/crn\/?page_id=3213"},"modified":"2022-03-18T07:01:53","modified_gmt":"2022-03-18T06:01:53","slug":"senas-de-identidad","status":"publish","type":"page","link":"https:\/\/escuelasanitaria.educacion.navarra.es\/crn\/senas-de-identidad\/","title":{"rendered":"Se\u00f1as de identidad"},"content":{"rendered":"<div style=\"text-align: center; clear: both;\">\n<h1>La ubicaci\u00f3n<\/h1>\n<p>La situaci\u00f3n del centro en un entorno inmejorable, un autentico \u201ccampus sanitario\u201d creado por el Complejo Hospitalario de Navarra, la Cl\u00ednica Universidad de Navarra, el CIMA (Centro de Investigaci\u00f3n M\u00e9dica Aplicada) y el centro de investigaci\u00f3n biom\u00e9dica Navarrabiomed, proporciona un contexto en el que la Escuela Sanitaria est\u00e1 plenamente integrada, plasm\u00e1ndose en una fluida relaci\u00f3n a trav\u00e9s de la cual se desarrollan numerosas acciones:<br \/>\n<div class=\"su-row\"><div class=\"su-column su-column-size-1-2\"><div class=\"su-column-inner su-u-clearfix su-u-trim\">\n<img loading=\"lazy\" class=\"alignnone size-medium wp-image-4003\" src=\"https:\/\/escuelasanitaria.educacion.navarra.es\/crn\/wp-content\/uploads\/2018\/04\/ubicacion-300x300.jpg\" alt=\"Escuela Sanitaria ubicaci\u00f3n\" width=\"300\" height=\"300\"><br \/>\n<\/div><\/div>\n<div class=\"su-column su-column-size-1-2\"><div class=\"su-column-inner su-u-clearfix su-u-trim\">\n<ul style=\"text-align: left; margin-top: 30px;\">\n<li>Colaboraci\u00f3n en la formaci\u00f3n y recualificaci\u00f3n de personal del Departamento de Salud.<\/li>\n<li>Realizaci\u00f3n de pr\u00e1cticas sanitarias por los alumnos.<\/li>\n<li>Colaboraci\u00f3n de m\u00e9dicos y personal sanitario en la docencia directa en el centro.<\/li>\n<li>Desarrollo de proyectos conjuntos.<\/li>\n<li>Cesi\u00f3n mutua de equipamiento e instrumental.<\/li>\n<li>Muestras diarias del Banco de sangre.<\/li>\n<li>Formaci\u00f3n y actualizaci\u00f3n del profesorado en las instalaciones sanitarias.<\/li>\n<\/ul>\n<p style=\"text-align: left; margin-left: 20px;\"><a class=\"button\" style=\"text-align: left;\" href=\"\/crn\/contacto\/\" target=\"_blank\" rel=\"noopener\">CONTACTO<\/a><\/p>\n<\/div><\/div>\n<\/div>\n<div style=\"height: 1px; background: #eee; border-bottom: 2px solid #ddd; margin: 50px 0 40px 0;\">&nbsp;<\/div>\n<div style=\"text-align: center; clear: both;\">\n<h1>Nuestro equipo<\/h1>\n<p>El CRNES cuenta con un conjunto de profesionales con experiencia que aportan un amplio abanico de especialidades profesionales, garantizando as\u00ed todas las necesidades de formaci\u00f3n de los ciclos formativos que se imparten.<\/p>\n<div class=\"su-row\">\n<div class=\"su-column su-column-size-1-3\"><div class=\"su-column-inner su-u-clearfix su-u-trim\">\n<p><img src=\"https:\/\/escuelasanitaria.educacion.navarra.es\/crn\/wp-content\/uploads\/2018\/04\/recursos-humanos.jpg\"><\/p>\n<\/div><\/div>\n<div class=\"su-column su-column-size-1-3\"><div class=\"su-column-inner su-u-clearfix su-u-trim\">\n<h6 style=\"text-align: left;\">45 Profesores de plantilla<\/h6>\n<ul style=\"text-align: left;\">\n<li>Enfermer\u00eda<\/li>\n<li>Medicina<\/li>\n<li>Fisioterapia<\/li>\n<li>Radiodiagn\u00f3stico<\/li>\n<li>Pr\u00f3tesis dental<\/li>\n<li>Veterinaria<\/li>\n<li>Biolog\u00eda<\/li>\n<li>Farmacia<\/li>\n<li>Psicolog\u00eda<\/li>\n<li>Derecho<\/li>\n<li>Ciencias empresariales<\/li>\n<li>Ingenier\u00eda t\u00e9cnica<\/li>\n<li>Lengua extranjera<\/li>\n<\/ul>\n<\/div><\/div>\n<div class=\"su-column su-column-size-1-3\"><div class=\"su-column-inner su-u-clearfix su-u-trim\">\n<h6 style=\"text-align: left;\">16 Profesores especialistas<\/h6>\n<ul style=\"text-align: left;\">\n<li>Resonancia magn\u00e9tica. Clinica Universidad de Navarra<\/li>\n<li>Medicina nuclear. Clinica Universidad de Navarra<\/li>\n<li>Tomograf\u00eda computarizada. Servicio Navarro de Salud-Osasunbidea<\/li>\n<li>Emergencias sanitarias. Servicio Navarro de Salud-Osasunbidea. S.O.S. Navarra.<\/li>\n<li>Odontolog\u00eda<\/li>\n<li>Higiene Bucodental.<\/li>\n<\/ul>\n<\/div><\/div>\n<\/div>\n<\/div>\n<div style=\"height: 1px; background: #eee; border-bottom: 2px solid #ddd; margin: 50px 0 40px 0;\">&nbsp;<\/div>\n<div style=\"text-align: center; clear: both; margin-top: 5%;\">&nbsp;<\/div>\n<div style=\"text-align: center; clear: both; margin-top: 5%;\">\n<h1>Nuestras instalaciones<\/h1>\n<p>El centro dispone de <strong>m\u00e1s de 2000 m2 dedicados a laboratorios y talleres,<\/strong> siendo la realizaci\u00f3n de pr\u00e1cticas en entorno real una de sus se\u00f1as de identidad. En todos los laboratorios y salas de pr\u00e1cticas el alumnado trabaja en las mismas condiciones en las que va a desarrollar su futuro trabajo.<br \/>\nLas instalaciones son peri\u00f3dicamente cedidas a colegios y asociaciones profesionales, empresas y entidades del sector sanitario para la realizaci\u00f3n de cursos de formaci\u00f3n.<\/p>\n<div class=\"su-row\"><div class=\"su-column su-column-size-1-2\"><div class=\"su-column-inner su-u-clearfix su-u-trim\">\n<ul style=\"text-align: left;\">\n<li>Aulas-taller de auxiliar de enfermer\u00eda (3)<\/li>\n<li>Aula-taller de emergencias sanitarias (2)<\/li>\n<li>Laboratorio de pr\u00e1cticas de enfermer\u00eda<\/li>\n<li>Laboratorio de pr\u00e1cticas de emergencias sanitarias<\/li>\n<li>Aulas de inform\u00e1tica (3)<\/li>\n<li>Salas de radiolog\u00eda convencional (2)<\/li>\n<li>Sala de radiolog\u00eda especial (ec\u00f3grafo\/ortopantom\u00f3grafo\/mam\u00f3grafo)<\/li>\n<\/ul>\n<\/div><\/div>\n<div class=\"su-column su-column-size-1-2\"><div class=\"su-column-inner su-u-clearfix su-u-trim\">\n<ul style=\"text-align: left;\">\n<li>Gabinete dental con cuatro puestos de trabajo<\/li>\n<li>Sala de sill\u00f3n dental<\/li>\n<li>Laboratorios de pr\u00e1cticas de pr\u00f3tesis dental (3)<\/li>\n<li>Ambulancia de pr\u00e1cticas<\/li>\n<li>Laboratorio de Biolog\u00eda molecular<\/li>\n<li>Laboratorio de Bioqu\u00edmica<\/li>\n<li>Laboratorio de Hematolog\u00eda<\/li>\n<li>Laboratorio de Microbiolog\u00eda<\/li>\n<\/ul>\n<\/div><\/div>\n<\/div>\n<h2>As\u00f3mate al interior&#8230;<\/h2>\n<\/div>\n<p><iframe loading=\"lazy\" title=\"CRNES Centro Referencia Nacional de servicios,  productos y atenci\u00f3n sanitaria Presentacion\" width=\"500\" height=\"281\" src=\"https:\/\/www.youtube.com\/embed\/iCLSA9fBHXo?feature=oembed\" frameborder=\"0\" allow=\"accelerometer; autoplay; clipboard-write; encrypted-media; gyroscope; picture-in-picture\" allowfullscreen><\/iframe><\/p>\n<div id=\"su_carousel_69f094854dcc5\" class=\"su-carousel su-carousel-centered su-carousel-pages-no su-carousel-responsive-yes\" style=\"width:100%\" data-autoplay=\"4700\" data-speed=\"600\" data-mousewheel=\"true\" data-items=\"1\" data-scroll=\"1\"><div class=\"su-carousel-slides\"><div class=\"su-carousel-slide\"><a><img src=\"https:\/\/escuelasanitaria.educacion.navarra.es\/crn\/wp-content\/uploads\/2018\/04\/Centro-de-referencia-nacional-Escuela-Sanitaria-29-782x533.jpg\" alt=\"Centro de referencia nacional Escuela Sanitaria (29)\" \/><\/a><\/div><div class=\"su-carousel-slide\"><a><img src=\"https:\/\/escuelasanitaria.educacion.navarra.es\/crn\/wp-content\/uploads\/2018\/04\/Centro-de-referencia-nacional-Escuela-Sanitaria-28-782x533.jpg\" alt=\"Centro de referencia nacional Escuela Sanitaria (28)\" \/><\/a><\/div><div class=\"su-carousel-slide\"><a><img src=\"https:\/\/escuelasanitaria.educacion.navarra.es\/crn\/wp-content\/uploads\/2018\/04\/Centro-de-referencia-nacional-Escuela-Sanitaria-27-782x533.jpg\" alt=\"Centro de referencia nacional Escuela Sanitaria (27)\" \/><\/a><\/div><div class=\"su-carousel-slide\"><a><img src=\"https:\/\/escuelasanitaria.educacion.navarra.es\/crn\/wp-content\/uploads\/2018\/04\/Centro-de-referencia-nacional-Escuela-Sanitaria-26-782x533.jpg\" alt=\"Centro de referencia nacional Escuela Sanitaria (26)\" \/><\/a><\/div><div class=\"su-carousel-slide\"><a><img src=\"https:\/\/escuelasanitaria.educacion.navarra.es\/crn\/wp-content\/uploads\/2018\/04\/Centro-de-referencia-nacional-Escuela-Sanitaria-25-782x533.jpg\" alt=\"Centro de referencia nacional Escuela Sanitaria (25)\" \/><\/a><\/div><div class=\"su-carousel-slide\"><a><img src=\"https:\/\/escuelasanitaria.educacion.navarra.es\/crn\/wp-content\/uploads\/2018\/04\/Centro-de-referencia-nacional-Escuela-Sanitaria-24-782x533.jpg\" alt=\"Centro de referencia nacional Escuela Sanitaria (24)\" \/><\/a><\/div><div class=\"su-carousel-slide\"><a><img src=\"https:\/\/escuelasanitaria.educacion.navarra.es\/crn\/wp-content\/uploads\/2018\/04\/Centro-de-referencia-nacional-Escuela-Sanitaria-23-782x533.jpg\" alt=\"Centro de referencia nacional Escuela Sanitaria (23)\" \/><\/a><\/div><div class=\"su-carousel-slide\"><a><img src=\"https:\/\/escuelasanitaria.educacion.navarra.es\/crn\/wp-content\/uploads\/2018\/04\/Centro-de-referencia-nacional-Escuela-Sanitaria-22-782x533.jpg\" alt=\"Centro de referencia nacional Escuela Sanitaria (22)\" \/><\/a><\/div><div class=\"su-carousel-slide\"><a><img src=\"https:\/\/escuelasanitaria.educacion.navarra.es\/crn\/wp-content\/uploads\/2018\/04\/Centro-de-referencia-nacional-Escuela-Sanitaria-21-782x533.jpg\" alt=\"Centro de referencia nacional Escuela Sanitaria (21)\" \/><\/a><\/div><div class=\"su-carousel-slide\"><a><img src=\"https:\/\/escuelasanitaria.educacion.navarra.es\/crn\/wp-content\/uploads\/2018\/04\/Centro-de-referencia-nacional-Escuela-Sanitaria-20-782x533.jpg\" alt=\"Centro de referencia nacional Escuela Sanitaria (20)\" \/><\/a><\/div><div class=\"su-carousel-slide\"><a><img src=\"https:\/\/escuelasanitaria.educacion.navarra.es\/crn\/wp-content\/uploads\/2018\/04\/Centro-de-referencia-nacional-Escuela-Sanitaria-19-782x533.jpg\" alt=\"Centro de referencia nacional Escuela Sanitaria (19)\" \/><\/a><\/div><div class=\"su-carousel-slide\"><a><img src=\"https:\/\/escuelasanitaria.educacion.navarra.es\/crn\/wp-content\/uploads\/2018\/04\/Centro-de-referencia-nacional-Escuela-Sanitaria-18-782x533.jpg\" alt=\"Centro de referencia nacional Escuela Sanitaria (18)\" \/><\/a><\/div><div class=\"su-carousel-slide\"><a><img src=\"https:\/\/escuelasanitaria.educacion.navarra.es\/crn\/wp-content\/uploads\/2018\/04\/Centro-de-referencia-nacional-Escuela-Sanitaria-17-782x533.jpg\" alt=\"Centro de referencia nacional Escuela Sanitaria (17)\" \/><\/a><\/div><div class=\"su-carousel-slide\"><a><img src=\"https:\/\/escuelasanitaria.educacion.navarra.es\/crn\/wp-content\/uploads\/2018\/04\/Centro-de-referencia-nacional-Escuela-Sanitaria-16-782x533.jpg\" alt=\"Centro de referencia nacional Escuela Sanitaria (16)\" \/><\/a><\/div><div class=\"su-carousel-slide\"><a><img src=\"https:\/\/escuelasanitaria.educacion.navarra.es\/crn\/wp-content\/uploads\/2018\/04\/Centro-de-referencia-nacional-Escuela-Sanitaria-15-782x533.jpg\" alt=\"Centro de referencia nacional Escuela Sanitaria (15)\" \/><\/a><\/div><div class=\"su-carousel-slide\"><a><img src=\"https:\/\/escuelasanitaria.educacion.navarra.es\/crn\/wp-content\/uploads\/2018\/04\/Centro-de-referencia-nacional-Escuela-Sanitaria-14-782x533.jpg\" alt=\"Centro de referencia nacional Escuela Sanitaria (14)\" \/><\/a><\/div><div class=\"su-carousel-slide\"><a><img src=\"https:\/\/escuelasanitaria.educacion.navarra.es\/crn\/wp-content\/uploads\/2018\/04\/Centro-de-referencia-nacional-Escuela-Sanitaria-13-782x533.jpg\" alt=\"Centro de referencia nacional Escuela Sanitaria (13)\" \/><\/a><\/div><div class=\"su-carousel-slide\"><a><img src=\"https:\/\/escuelasanitaria.educacion.navarra.es\/crn\/wp-content\/uploads\/2018\/04\/Centro-de-referencia-nacional-Escuela-Sanitaria-12-782x533.jpg\" alt=\"Centro de referencia nacional Escuela Sanitaria (12)\" \/><\/a><\/div><div class=\"su-carousel-slide\"><a><img src=\"https:\/\/escuelasanitaria.educacion.navarra.es\/crn\/wp-content\/uploads\/2018\/04\/Centro-de-referencia-nacional-Escuela-Sanitaria-11-782x533.jpg\" alt=\"Centro de referencia nacional Escuela Sanitaria (11)\" \/><\/a><\/div><div class=\"su-carousel-slide\"><a><img src=\"https:\/\/escuelasanitaria.educacion.navarra.es\/crn\/wp-content\/uploads\/2018\/04\/Centro-de-referencia-nacional-Escuela-Sanitaria-10-782x533.jpg\" alt=\"Centro de referencia nacional Escuela Sanitaria (10)\" \/><\/a><\/div><div class=\"su-carousel-slide\"><a><img src=\"https:\/\/escuelasanitaria.educacion.navarra.es\/crn\/wp-content\/uploads\/2018\/04\/Centro-de-referencia-nacional-Escuela-Sanitaria-9-782x533.jpg\" alt=\"Centro de referencia nacional Escuela Sanitaria (9)\" \/><\/a><\/div><div class=\"su-carousel-slide\"><a><img src=\"https:\/\/escuelasanitaria.educacion.navarra.es\/crn\/wp-content\/uploads\/2018\/04\/Centro-de-referencia-nacional-Escuela-Sanitaria-8-782x533.jpg\" alt=\"Centro de referencia nacional Escuela Sanitaria (8)\" \/><\/a><\/div><div class=\"su-carousel-slide\"><a><img src=\"https:\/\/escuelasanitaria.educacion.navarra.es\/crn\/wp-content\/uploads\/2018\/04\/Centro-de-referencia-nacional-Escuela-Sanitaria-7-782x533.jpg\" alt=\"Centro de referencia nacional Escuela Sanitaria (7)\" \/><\/a><\/div><div class=\"su-carousel-slide\"><a><img src=\"https:\/\/escuelasanitaria.educacion.navarra.es\/crn\/wp-content\/uploads\/2018\/04\/Centro-de-referencia-nacional-Escuela-Sanitaria-6-782x533.jpg\" alt=\"Centro de referencia nacional Escuela Sanitaria (6)\" \/><\/a><\/div><div class=\"su-carousel-slide\"><a><img src=\"https:\/\/escuelasanitaria.educacion.navarra.es\/crn\/wp-content\/uploads\/2018\/04\/Centro-de-referencia-nacional-Escuela-Sanitaria-5-782x533.jpg\" alt=\"Centro de referencia nacional Escuela Sanitaria (5)\" \/><\/a><\/div><div class=\"su-carousel-slide\"><a><img src=\"https:\/\/escuelasanitaria.educacion.navarra.es\/crn\/wp-content\/uploads\/2018\/04\/Centro-de-referencia-nacional-Escuela-Sanitaria-4-782x533.jpg\" alt=\"Centro de referencia nacional Escuela Sanitaria (4)\" \/><\/a><\/div><div class=\"su-carousel-slide\"><a><img src=\"https:\/\/escuelasanitaria.educacion.navarra.es\/crn\/wp-content\/uploads\/2018\/04\/Centro-de-referencia-nacional-Escuela-Sanitaria-3-782x533.jpg\" alt=\"Centro de referencia nacional Escuela Sanitaria (3)\" \/><\/a><\/div><div class=\"su-carousel-slide\"><a><img src=\"https:\/\/escuelasanitaria.educacion.navarra.es\/crn\/wp-content\/uploads\/2018\/04\/Centro-de-referencia-nacional-Escuela-Sanitaria-2-782x533.jpg\" alt=\"Centro de referencia nacional Escuela Sanitaria (2)\" \/><\/a><\/div><div class=\"su-carousel-slide\"><a><img src=\"https:\/\/escuelasanitaria.educacion.navarra.es\/crn\/wp-content\/uploads\/2018\/04\/Centro-de-referencia-nacional-Escuela-Sanitaria-1-782x533.jpg\" alt=\"Centro de referencia nacional Escuela Sanitaria (1)\" \/><\/a><\/div><\/div><div class=\"su-carousel-nav\"><div class=\"su-carousel-direction\"><span class=\"su-carousel-prev\"><\/span><span class=\"su-carousel-next\"><\/span><\/div><div class=\"su-carousel-pagination\"><\/div><\/div><\/div>\n<\/div>\n","protected":false},"excerpt":{"rendered":"<p>La ubicaci\u00f3n La situaci\u00f3n del centro en un entorno inmejorable, un autentico \u201ccampus sanitario\u201d creado por el Complejo Hospitalario de Navarra, la Cl\u00ednica Universidad de Navarra, el CIMA (Centro de Investigaci\u00f3n M\u00e9dica Aplicada) y el centro de investigaci\u00f3n biom\u00e9dica Navarrabiomed, proporciona un contexto en el que la Escuela Sanitaria est\u00e1 plenamente integrada, plasm\u00e1ndose en una&hellip; <a href=\"https:\/\/escuelasanitaria.educacion.navarra.es\/crn\/senas-de-identidad\/\" class=\"more-link\">Read more <span class=\"screen-reader-text\">about Se\u00f1as de identidad<\/span><\/a><\/p>\n","protected":false},"author":1,"featured_media":0,"parent":0,"menu_order":0,"comment_status":"closed","ping_status":"closed","template":"","meta":{"_genesis_hide_title":false,"_genesis_hide_breadcrumbs":false,"_genesis_hide_singular_image":false,"_genesis_hide_footer_widgets":false,"_genesis_custom_body_class":"","_genesis_custom_post_class":"","_genesis_layout":"content-sidebar"},"_links":{"self":[{"href":"https:\/\/escuelasanitaria.educacion.navarra.es\/crn\/wp-json\/wp\/v2\/pages\/3213"}],"collection":[{"href":"https:\/\/escuelasanitaria.educacion.navarra.es\/crn\/wp-json\/wp\/v2\/pages"}],"about":[{"href":"https:\/\/escuelasanitaria.educacion.navarra.es\/crn\/wp-json\/wp\/v2\/types\/page"}],"author":[{"embeddable":true,"href":"https:\/\/escuelasanitaria.educacion.navarra.es\/crn\/wp-json\/wp\/v2\/users\/1"}],"replies":[{"embeddable":true,"href":"https:\/\/escuelasanitaria.educacion.navarra.es\/crn\/wp-json\/wp\/v2\/comments?post=3213"}],"version-history":[{"count":67,"href":"https:\/\/escuelasanitaria.educacion.navarra.es\/crn\/wp-json\/wp\/v2\/pages\/3213\/revisions"}],"predecessor-version":[{"id":6967,"href":"https:\/\/escuelasanitaria.educacion.navarra.es\/crn\/wp-json\/wp\/v2\/pages\/3213\/revisions\/6967"}],"wp:attachment":[{"href":"https:\/\/escuelasanitaria.educacion.navarra.es\/crn\/wp-json\/wp\/v2\/media?parent=3213"}],"curies":[{"name":"wp","href":"https:\/\/api.w.org\/{rel}","templated":true}]}}