{"id":2264,"date":"2018-02-14T13:17:02","date_gmt":"2018-02-14T12:17:02","guid":{"rendered":"https:\/\/escuelasanitaria.educacion.navarra.es\/crn\/?page_id=2264"},"modified":"2026-04-01T09:27:49","modified_gmt":"2026-04-01T07:27:49","slug":"formacion","status":"publish","type":"page","link":"https:\/\/escuelasanitaria.educacion.navarra.es\/crn\/formacion\/","title":{"rendered":"Formaci\u00f3n"},"content":{"rendered":"\n<div class=\"wp-container-1 wp-block-group\"><div class=\"wp-block-group__inner-container\">\n<h4>&nbsp;<\/h4>\n<p><em>&nbsp;<img loading=\"lazy\" class=\"alignnone size-medium wp-image-4880\" src=\"https:\/\/escuelasanitaria.educacion.navarra.es\/crn\/wp-content\/uploads\/2018\/09\/Logo-CRN-300x61.png\" alt=\"\" width=\"300\" height=\"61\">&nbsp;&nbsp;&nbsp;&nbsp;&nbsp; <img loading=\"lazy\" class=\"alignnone wp-image-2223 size-full\" src=\"https:\/\/escuelasanitaria.educacion.navarra.es\/crn\/wp-content\/uploads\/2018\/02\/logos-footer.jpg\" alt=\"CRNES Logos footer\" width=\"437\" height=\"66\" srcset=\"https:\/\/escuelasanitaria.educacion.navarra.es\/crn\/wp-content\/uploads\/2018\/02\/logos-footer.jpg 437w, https:\/\/escuelasanitaria.educacion.navarra.es\/crn\/wp-content\/uploads\/2018\/02\/logos-footer-300x45.jpg 300w\" sizes=\"(max-width: 437px) 100vw, 437px\" \/><br><\/em><\/p>\n\n\n\n<h3>Cursos CRN de Servicios, productos y atenci\u00f3n sanitaria 2026<\/h3>\n<h4>1. Cursos de perfeccionamiento t\u00e9cnico para formadores.<\/h4>\n<table style=\"height: 132px;\" width=\"837\">\n<tbody>\n<tr>\n<th>\u00a0<\/th>\n<th><span style=\"color: #ffffff;\"><strong>Alumnos<\/strong><\/span><\/th>\n<th><span style=\"color: #ffffff;\"><strong>Horas distancia<\/strong><\/span><\/th>\n<th><span style=\"color: #ffffff;\"><strong>Horas presenciales<\/strong><\/span><\/th>\n<\/tr>\n<tr>\n<td><strong><a href=\"https:\/\/docs.google.com\/forms\/d\/e\/1FAIpQLScG8rtfYR989VEugH2cA0d0U0-tdXYMSDhy4fxdxyEFFUYttw\/viewform?usp=sharing&amp;ouid=117334584394810016021\">Inscripci\u00f3n e informaci\u00f3n Curso PHTLS<\/a> 22 y 23 de mayo de 2026<\/strong><\/td>\n<td>24<\/td>\n<td>1 mes de acceso a la plataforma multimedia<\/td>\n<td>16<\/td>\n<\/tr>\n<tr>\n<td>\u00a0<\/td>\n<td>\u00a0<\/td>\n<td>\u00a0<\/td>\n<td>\u00a0<\/td>\n<\/tr>\n<tr>\n<td>\u00a0<\/td>\n<td>\u00a0<\/td>\n<td>\u00a0<\/td>\n<td>\u00a0<\/td>\n<\/tr>\n<tr>\n<td>\u00a0<\/td>\n<td>\u00a0<\/td>\n<td>\u00a0<\/td>\n<td>\u00a0<\/td>\n<\/tr>\n<\/tbody>\n<\/table>\n<h4><em style=\"font-size: revert; color: initial;\"><br \/>\u00a0<img loading=\"lazy\" class=\"alignnone size-medium wp-image-4880\" src=\"https:\/\/escuelasanitaria.educacion.navarra.es\/crn\/wp-content\/uploads\/2018\/09\/Logo-CRN-300x61.png\" alt=\"\" width=\"300\" height=\"61\" \/>\u00a0\u00a0\u00a0\u00a0\u00a0 <img loading=\"lazy\" class=\"alignnone wp-image-2223 size-full\" src=\"https:\/\/escuelasanitaria.educacion.navarra.es\/crn\/wp-content\/uploads\/2018\/02\/logos-footer.jpg\" alt=\"CRNES Logos footer\" width=\"437\" height=\"66\" srcset=\"https:\/\/escuelasanitaria.educacion.navarra.es\/crn\/wp-content\/uploads\/2018\/02\/logos-footer.jpg 437w, https:\/\/escuelasanitaria.educacion.navarra.es\/crn\/wp-content\/uploads\/2018\/02\/logos-footer-300x45.jpg 300w\" sizes=\"(max-width: 437px) 100vw, 437px\" \/><\/em><\/h4>\n\n\n\n<h3>Cursos CRN de Servicios, productos y atenci\u00f3n sanitaria 2021<\/h3>\n<h4>1. Cursos de perfeccionamiento t\u00e9cnico para formadores.<\/h4>\n<table style=\"height: 245px;\" width=\"841\">\n<tbody>\n<tr>\n<th>&nbsp;<\/th>\n<th>Alumnos<\/th>\n<th>Horas distancia<\/th>\n<th>Horas presenciales<\/th>\n<\/tr>\n<tr>\n<td><a href=\"https:\/\/escuelasanitaria.educacion.navarra.es\/crn\/formacion\/el-tecnico-de-auxiliar-de-enfermeria-en-cuidados-a-pacientes-covid\/\" target=\"_blank\" rel=\"noopener\"><strong>El T\u00e9cnico Auxiliar de Enfermer\u00eda en cuidados a pacientes COVID<\/strong><\/a> 5 y 6 de noviembre de 2021&nbsp;<span style=\"color: #4fa700;\"><br><\/span><\/td>\n<td>30<\/td>\n<td>&nbsp;<\/td>\n<td>10<\/td>\n<\/tr>\n<tr>\n<td><strong><a href=\"https:\/\/escuelasanitaria.educacion.navarra.es\/crn\/formacion\/curso-actualizacion-practica-en-transporte-sanitario\/\">Curso de Actualizaci\u00f3n en Transporte Sanitario<\/a> <\/strong>19, 20 y 21 de noviembre de 2021<\/td>\n<td>30<\/td>\n<td>&nbsp;<\/td>\n<td>20<\/td>\n<\/tr>\n<tr>\n<td><a href=\"https:\/\/escuelasanitaria.educacion.navarra.es\/crn\/2022\/01\/31\/curso-operador-de-instalaciones-de-radiodiagnostico-dental-2\/\">Curso de Operador de <strong>instalaciones<\/strong> de radiodiagn\u00f3stico dental<\/a><\/td>\n<td>24<\/td>\n<td>&nbsp;<\/td>\n<td>20<\/td>\n<\/tr>\n<tr>\n<td>&nbsp;<\/td>\n<td>&nbsp;<\/td>\n<td>&nbsp;<\/td>\n<td>&nbsp;<\/td>\n<\/tr>\n<\/tbody>\n<\/table>\n<h4>2. Cursos innovadores de \u00e1mbito nacional para desempleados.<\/h4>\n<table>\n<tbody>\n<tr>\n<th style=\"width: 680px;\">&nbsp;<\/th>\n<th>Alumnos<\/th>\n<th>Horas distancia<\/th>\n<th>Horas presenciales<\/th>\n<\/tr>\n<tr>\n<td>&nbsp;<\/td>\n<td>&nbsp;<\/td>\n<td>&nbsp;<\/td>\n<td>&nbsp;<\/td>\n<\/tr>\n<tr>\n<td>&nbsp;<\/td>\n<td>&nbsp;<\/td>\n<td>&nbsp;<\/td>\n<td>&nbsp;<\/td>\n<\/tr>\n<\/tbody>\n<\/table>\n<p><em>&nbsp;<img loading=\"lazy\" class=\"alignnone size-medium wp-image-4880\" src=\"https:\/\/escuelasanitaria.educacion.navarra.es\/crn\/wp-content\/uploads\/2018\/09\/Logo-CRN-300x61.png\" alt=\"\" width=\"300\" height=\"61\">&nbsp;&nbsp;&nbsp;&nbsp;&nbsp; <img loading=\"lazy\" class=\"alignnone wp-image-2223 size-full\" src=\"https:\/\/escuelasanitaria.educacion.navarra.es\/crn\/wp-content\/uploads\/2018\/02\/logos-footer.jpg\" alt=\"CRNES Logos footer\" width=\"437\" height=\"66\" srcset=\"https:\/\/escuelasanitaria.educacion.navarra.es\/crn\/wp-content\/uploads\/2018\/02\/logos-footer.jpg 437w, https:\/\/escuelasanitaria.educacion.navarra.es\/crn\/wp-content\/uploads\/2018\/02\/logos-footer-300x45.jpg 300w\" sizes=\"(max-width: 437px) 100vw, 437px\" \/><br><\/em><\/p>\n<\/div><\/div>\n\n\n\n<div class=\"wp-container-2 wp-block-group\"><div class=\"wp-block-group__inner-container\">\n<h3>Cursos CRN de Servicios, productos y atenci\u00f3n sanitaria 2017\/2018<\/h3>\n<h4>1. Cursos de perfeccionamiento t\u00e9cnico para formadores.<\/h4>\n<table>\n<tbody>\n<tr>\n<th>&nbsp;<\/th>\n<th>Alumnos<\/th>\n<th>Horas distancia<\/th>\n<th>Horas presenciales<\/th>\n<\/tr>\n<tr>\n<td><a href=\"https:\/\/escuelasanitaria.educacion.navarra.es\/crn\/formacion\/curso-1-2018-ptf\/\" target=\"_blank\" rel=\"noopener noreferrer\">Creaci\u00f3n de contenidos para la teleformaci\u00f3n con e-Learning.<\/a> 10 de octubre a 21 de noviembre de 2018<span style=\"color: #4fa700;\"><br><\/span><\/td>\n<td>25<\/td>\n<td>30<\/td>\n<td>20<\/td>\n<\/tr>\n<tr>\n<td><a href=\"https:\/\/escuelasanitaria.educacion.navarra.es\/crn\/formacion\/curso-2-2018-ptf\/\" target=\"_blank\" rel=\"noopener noreferrer\">Actualizaci\u00f3n en t\u00e9cnicas de enfermer\u00eda y ayuda odontol\u00f3gica<\/a>. 27 al 31 de agosto de 2018<\/td>\n<td>20<\/td>\n<td>0<\/td>\n<td>40<\/td>\n<\/tr>\n<tr>\n<td><a href=\"https:\/\/escuelasanitaria.educacion.navarra.es\/crn\/formacion\/curso-3-2018-ptf\/\" target=\"_blank\" rel=\"noopener noreferrer\">Tutor\u00eda en entornos virtuales de aprendizaje<\/a>. 24 de septiembre a 29 de octubre de 2018<span style=\"color: #4fa700;\"><br><\/span><\/td>\n<td>25<\/td>\n<td>30<\/td>\n<td>20<\/td>\n<\/tr>\n<tr>\n<td>Curso de habilitaci\u00f3n para evaluadores del procedimiento de evaluaci\u00f3n y acreditaci\u00f3n<\/td>\n<td>25<\/td>\n<td>30<\/td>\n<td>20<\/td>\n<\/tr>\n<\/tbody>\n<\/table>\n<h4>2. Cursos innovadores de \u00e1mbito nacional para desempleados.<\/h4>\n<table>\n<tbody>\n<tr>\n<th style=\"width: 680px;\">&nbsp;<\/th>\n<th>Alumnos<\/th>\n<th>Horas distancia<\/th>\n<th>Horas presenciales<\/th>\n<\/tr>\n<tr>\n<td>Dise\u00f1o de coronas y puentes mediante sistemas CAD. Noviembre de 2018<\/td>\n<td>25<\/td>\n<td>18<\/td>\n<td>12<\/td>\n<\/tr>\n<tr>\n<td><a href=\"https:\/\/escuelasanitaria.educacion.navarra.es\/crn\/formacion\/4850-2\/\" target=\"_blank\" rel=\"noopener noreferrer\">Elaboraci\u00f3n de coronas y puentes exentos de metal mediante utilizaci\u00f3n de disilicato de litio utilizando t\u00e9cnicas de inyecci\u00f3n y fresado<\/a>. 29 de octubre al 14 de noviembre de 2018<\/td>\n<td>25<\/td>\n<td>12<\/td>\n<td>8<\/td>\n<\/tr>\n<\/tbody>\n<\/table>\n<p><em>&nbsp;<img loading=\"lazy\" class=\"alignnone size-medium wp-image-4880\" src=\"https:\/\/escuelasanitaria.educacion.navarra.es\/crn\/wp-content\/uploads\/2018\/09\/Logo-CRN-300x61.png\" alt=\"\" width=\"300\" height=\"61\">&nbsp;&nbsp;&nbsp;&nbsp;&nbsp; <img loading=\"lazy\" class=\"alignnone wp-image-2223 size-full\" src=\"https:\/\/escuelasanitaria.educacion.navarra.es\/crn\/wp-content\/uploads\/2018\/02\/logos-footer.jpg\" alt=\"CRNES Logos footer\" width=\"437\" height=\"66\" srcset=\"https:\/\/escuelasanitaria.educacion.navarra.es\/crn\/wp-content\/uploads\/2018\/02\/logos-footer.jpg 437w, https:\/\/escuelasanitaria.educacion.navarra.es\/crn\/wp-content\/uploads\/2018\/02\/logos-footer-300x45.jpg 300w\" sizes=\"(max-width: 437px) 100vw, 437px\" \/><br><\/em><\/p>\n<\/div><\/div>\n","protected":false},"excerpt":{"rendered":"<p>&nbsp; &nbsp;&nbsp;&nbsp;&nbsp;&nbsp;&nbsp; Cursos CRN de Servicios, productos y atenci\u00f3n sanitaria 2026 1. Cursos de perfeccionamiento t\u00e9cnico para formadores. \u00a0 Alumnos Horas distancia Horas presenciales Inscripci\u00f3n e informaci\u00f3n Curso PHTLS 22 y 23 de mayo de 2026 24 1 mes de acceso a la plataforma multimedia 16 \u00a0 \u00a0 \u00a0 \u00a0 \u00a0 \u00a0 \u00a0 \u00a0 \u00a0&hellip; <a href=\"https:\/\/escuelasanitaria.educacion.navarra.es\/crn\/formacion\/\" class=\"more-link\">Read more <span class=\"screen-reader-text\">about Formaci\u00f3n<\/span><\/a><\/p>\n","protected":false},"author":1,"featured_media":3491,"parent":0,"menu_order":0,"comment_status":"closed","ping_status":"closed","template":"","meta":{"_genesis_hide_title":false,"_genesis_hide_breadcrumbs":false,"_genesis_hide_singular_image":false,"_genesis_hide_footer_widgets":false,"_genesis_custom_body_class":"","_genesis_custom_post_class":"","_genesis_layout":""},"_links":{"self":[{"href":"https:\/\/escuelasanitaria.educacion.navarra.es\/crn\/wp-json\/wp\/v2\/pages\/2264"}],"collection":[{"href":"https:\/\/escuelasanitaria.educacion.navarra.es\/crn\/wp-json\/wp\/v2\/pages"}],"about":[{"href":"https:\/\/escuelasanitaria.educacion.navarra.es\/crn\/wp-json\/wp\/v2\/types\/page"}],"author":[{"embeddable":true,"href":"https:\/\/escuelasanitaria.educacion.navarra.es\/crn\/wp-json\/wp\/v2\/users\/1"}],"replies":[{"embeddable":true,"href":"https:\/\/escuelasanitaria.educacion.navarra.es\/crn\/wp-json\/wp\/v2\/comments?post=2264"}],"version-history":[{"count":63,"href":"https:\/\/escuelasanitaria.educacion.navarra.es\/crn\/wp-json\/wp\/v2\/pages\/2264\/revisions"}],"predecessor-version":[{"id":7229,"href":"https:\/\/escuelasanitaria.educacion.navarra.es\/crn\/wp-json\/wp\/v2\/pages\/2264\/revisions\/7229"}],"wp:featuredmedia":[{"embeddable":true,"href":"https:\/\/escuelasanitaria.educacion.navarra.es\/crn\/wp-json\/wp\/v2\/media\/3491"}],"wp:attachment":[{"href":"https:\/\/escuelasanitaria.educacion.navarra.es\/crn\/wp-json\/wp\/v2\/media?parent=2264"}],"curies":[{"name":"wp","href":"https:\/\/api.w.org\/{rel}","templated":true}]}}